{"id":835,"date":"2020-08-29T08:22:46","date_gmt":"2020-08-29T06:22:46","guid":{"rendered":"https:\/\/www.affenage.be\/organiser-votre-evenement-en-ardenne\/"},"modified":"2021-06-18T12:24:25","modified_gmt":"2021-06-18T10:24:25","slug":"organiser-votre-evenement-en-ardenne","status":"publish","type":"page","link":"https:\/\/www.affenage.be\/de\/organiser-votre-evenement-en-ardenne\/","title":{"rendered":"Seminare"},"content":{"rendered":"<h2>Business au vert<\/h2>\n<p>L\u2019Ardenne belge offre un cadre naturel exceptionnel pour une v\u00e9ritable mise au vert. Le plateau ardennais permet de nombreuses balades \u00e0 pied ou \u00e0 v\u00e9lo, tandis que les vall\u00e9es de l\u2019Aisne et de l\u2019Ourthe proposent des activit\u00e9s sportives et de d\u00e9tente.<\/p>\n<p>Nous sommes \u00e0 votre enti\u00e8re disposition pour vous aider et vous proposer des exp\u00e9riences nature adapt\u00e9es \u00e0 vos souhaits. Nous vous accompagnons dans l\u2019organisation de votre \u00e9v\u00e8nement en Ardenne pour que celui-ci soit parfait. N\u2019h\u00e9sitez pas \u00e0 nous contacter pour un devis \u00e0 votre mesure.<\/p>\n","protected":false},"excerpt":{"rendered":"<p>Business au vert L\u2019Ardenne belge offre un cadre naturel exceptionnel pour une v\u00e9ritable mise au vert. Le plateau ardennais permet de nombreuses balades \u00e0 pied ou \u00e0 v\u00e9lo, tandis que les vall\u00e9es de l\u2019Aisne et de l\u2019Ourthe proposent des activit\u00e9s sportives et de d\u00e9tente. Nous sommes \u00e0 votre enti\u00e8re disposition pour vous aider et vous [&hellip;]<\/p>\n","protected":false},"author":1,"featured_media":783,"parent":0,"menu_order":0,"comment_status":"closed","ping_status":"closed","template":"page-seminaire.php","meta":[],"yoast_head":"<!-- This site is optimized with the Yoast SEO plugin v18.5.1 - https:\/\/yoast.com\/wordpress\/plugins\/seo\/ -->\n<title>Seminare - L&#039;affenage - H\u00f4tel familial en Ardenne<\/title>\n<meta name=\"robots\" content=\"index, follow, max-snippet:-1, max-image-preview:large, max-video-preview:-1\" \/>\n<link rel=\"canonical\" href=\"https:\/\/www.affenage.be\/de\/organiser-votre-evenement-en-ardenne\/\" \/>\n<meta property=\"og:locale\" content=\"de_DE\" \/>\n<meta property=\"og:type\" content=\"article\" \/>\n<meta property=\"og:title\" content=\"Seminare - L&#039;affenage - H\u00f4tel familial en Ardenne\" \/>\n<meta property=\"og:description\" content=\"Business au vert L\u2019Ardenne belge offre un cadre naturel exceptionnel pour une v\u00e9ritable mise au vert. Le plateau ardennais permet de nombreuses balades \u00e0 pied ou \u00e0 v\u00e9lo, tandis que les vall\u00e9es de l\u2019Aisne et de l\u2019Ourthe proposent des activit\u00e9s sportives et de d\u00e9tente. Nous sommes \u00e0 votre enti\u00e8re disposition pour vous aider et vous [&hellip;]\" \/>\n<meta property=\"og:url\" content=\"https:\/\/www.affenage.be\/de\/organiser-votre-evenement-en-ardenne\/\" \/>\n<meta property=\"og:site_name\" content=\"L&#039;affenage - H\u00f4tel familial en Ardenne\" \/>\n<meta property=\"article:modified_time\" content=\"2021-06-18T10:24:25+00:00\" \/>\n<meta property=\"og:image\" content=\"https:\/\/www.affenage.be\/wp-content\/uploads\/2021\/05\/bannereventnt.jpg\" \/>\n\t<meta property=\"og:image:width\" content=\"2000\" \/>\n\t<meta property=\"og:image:height\" content=\"1175\" \/>\n\t<meta property=\"og:image:type\" content=\"image\/jpeg\" \/>\n<meta name=\"twitter:card\" content=\"summary_large_image\" \/>\n<script type=\"application\/ld+json\" class=\"yoast-schema-graph\">{\"@context\":\"https:\/\/schema.org\",\"@graph\":[{\"@type\":\"Organization\",\"@id\":\"https:\/\/www.affenage.be\/#organization\",\"name\":\"L'affenage\",\"url\":\"https:\/\/www.affenage.be\/\",\"sameAs\":[],\"logo\":{\"@type\":\"ImageObject\",\"@id\":\"https:\/\/www.affenage.be\/#logo\",\"inLanguage\":\"de\",\"url\":\"https:\/\/www.affenage.be\/wp-content\/uploads\/2020\/10\/logocouleurpng.png\",\"contentUrl\":\"https:\/\/www.affenage.be\/wp-content\/uploads\/2020\/10\/logocouleurpng.png\",\"width\":1024,\"height\":1133,\"caption\":\"L'affenage\"},\"image\":{\"@id\":\"https:\/\/www.affenage.be\/#logo\"}},{\"@type\":\"WebSite\",\"@id\":\"https:\/\/www.affenage.be\/#website\",\"url\":\"https:\/\/www.affenage.be\/\",\"name\":\"L&#039;affenage - H\u00f4tel familial en Ardenne\",\"description\":\"Un site utilisant WordPress\",\"publisher\":{\"@id\":\"https:\/\/www.affenage.be\/#organization\"},\"potentialAction\":[{\"@type\":\"SearchAction\",\"target\":{\"@type\":\"EntryPoint\",\"urlTemplate\":\"https:\/\/www.affenage.be\/?s={search_term_string}\"},\"query-input\":\"required name=search_term_string\"}],\"inLanguage\":\"de\"},{\"@type\":\"ImageObject\",\"@id\":\"https:\/\/www.affenage.be\/de\/organiser-votre-evenement-en-ardenne\/#primaryimage\",\"inLanguage\":\"de\",\"url\":\"https:\/\/www.affenage.be\/wp-content\/uploads\/2021\/05\/bannereventnt.jpg\",\"contentUrl\":\"https:\/\/www.affenage.be\/wp-content\/uploads\/2021\/05\/bannereventnt.jpg\",\"width\":2000,\"height\":1175},{\"@type\":\"WebPage\",\"@id\":\"https:\/\/www.affenage.be\/de\/organiser-votre-evenement-en-ardenne\/#webpage\",\"url\":\"https:\/\/www.affenage.be\/de\/organiser-votre-evenement-en-ardenne\/\",\"name\":\"Seminare - L&#039;affenage - H\u00f4tel familial en Ardenne\",\"isPartOf\":{\"@id\":\"https:\/\/www.affenage.be\/#website\"},\"primaryImageOfPage\":{\"@id\":\"https:\/\/www.affenage.be\/de\/organiser-votre-evenement-en-ardenne\/#primaryimage\"},\"datePublished\":\"2020-08-29T06:22:46+00:00\",\"dateModified\":\"2021-06-18T10:24:25+00:00\",\"breadcrumb\":{\"@id\":\"https:\/\/www.affenage.be\/de\/organiser-votre-evenement-en-ardenne\/#breadcrumb\"},\"inLanguage\":\"de\",\"potentialAction\":[{\"@type\":\"ReadAction\",\"target\":[\"https:\/\/www.affenage.be\/de\/organiser-votre-evenement-en-ardenne\/\"]}]},{\"@type\":\"BreadcrumbList\",\"@id\":\"https:\/\/www.affenage.be\/de\/organiser-votre-evenement-en-ardenne\/#breadcrumb\",\"itemListElement\":[{\"@type\":\"ListItem\",\"position\":1,\"name\":\"Accueil\",\"item\":\"https:\/\/www.affenage.be\/de\/\"},{\"@type\":\"ListItem\",\"position\":2,\"name\":\"Seminare\"}]}]}<\/script>\n<!-- \/ Yoast SEO plugin. -->","yoast_head_json":{"title":"Seminare - L&#039;affenage - H\u00f4tel familial en Ardenne","robots":{"index":"index","follow":"follow","max-snippet":"max-snippet:-1","max-image-preview":"max-image-preview:large","max-video-preview":"max-video-preview:-1"},"canonical":"https:\/\/www.affenage.be\/de\/organiser-votre-evenement-en-ardenne\/","og_locale":"de_DE","og_type":"article","og_title":"Seminare - L&#039;affenage - H\u00f4tel familial en Ardenne","og_description":"Business au vert L\u2019Ardenne belge offre un cadre naturel exceptionnel pour une v\u00e9ritable mise au vert. Le plateau ardennais permet de nombreuses balades \u00e0 pied ou \u00e0 v\u00e9lo, tandis que les vall\u00e9es de l\u2019Aisne et de l\u2019Ourthe proposent des activit\u00e9s sportives et de d\u00e9tente. Nous sommes \u00e0 votre enti\u00e8re disposition pour vous aider et vous [&hellip;]","og_url":"https:\/\/www.affenage.be\/de\/organiser-votre-evenement-en-ardenne\/","og_site_name":"L&#039;affenage - H\u00f4tel familial en Ardenne","article_modified_time":"2021-06-18T10:24:25+00:00","og_image":[{"width":2000,"height":1175,"url":"https:\/\/www.affenage.be\/wp-content\/uploads\/2021\/05\/bannereventnt.jpg","type":"image\/jpeg"}],"twitter_card":"summary_large_image","schema":{"@context":"https:\/\/schema.org","@graph":[{"@type":"Organization","@id":"https:\/\/www.affenage.be\/#organization","name":"L'affenage","url":"https:\/\/www.affenage.be\/","sameAs":[],"logo":{"@type":"ImageObject","@id":"https:\/\/www.affenage.be\/#logo","inLanguage":"de","url":"https:\/\/www.affenage.be\/wp-content\/uploads\/2020\/10\/logocouleurpng.png","contentUrl":"https:\/\/www.affenage.be\/wp-content\/uploads\/2020\/10\/logocouleurpng.png","width":1024,"height":1133,"caption":"L'affenage"},"image":{"@id":"https:\/\/www.affenage.be\/#logo"}},{"@type":"WebSite","@id":"https:\/\/www.affenage.be\/#website","url":"https:\/\/www.affenage.be\/","name":"L&#039;affenage - H\u00f4tel familial en Ardenne","description":"Un site utilisant WordPress","publisher":{"@id":"https:\/\/www.affenage.be\/#organization"},"potentialAction":[{"@type":"SearchAction","target":{"@type":"EntryPoint","urlTemplate":"https:\/\/www.affenage.be\/?s={search_term_string}"},"query-input":"required name=search_term_string"}],"inLanguage":"de"},{"@type":"ImageObject","@id":"https:\/\/www.affenage.be\/de\/organiser-votre-evenement-en-ardenne\/#primaryimage","inLanguage":"de","url":"https:\/\/www.affenage.be\/wp-content\/uploads\/2021\/05\/bannereventnt.jpg","contentUrl":"https:\/\/www.affenage.be\/wp-content\/uploads\/2021\/05\/bannereventnt.jpg","width":2000,"height":1175},{"@type":"WebPage","@id":"https:\/\/www.affenage.be\/de\/organiser-votre-evenement-en-ardenne\/#webpage","url":"https:\/\/www.affenage.be\/de\/organiser-votre-evenement-en-ardenne\/","name":"Seminare - L&#039;affenage - H\u00f4tel familial en Ardenne","isPartOf":{"@id":"https:\/\/www.affenage.be\/#website"},"primaryImageOfPage":{"@id":"https:\/\/www.affenage.be\/de\/organiser-votre-evenement-en-ardenne\/#primaryimage"},"datePublished":"2020-08-29T06:22:46+00:00","dateModified":"2021-06-18T10:24:25+00:00","breadcrumb":{"@id":"https:\/\/www.affenage.be\/de\/organiser-votre-evenement-en-ardenne\/#breadcrumb"},"inLanguage":"de","potentialAction":[{"@type":"ReadAction","target":["https:\/\/www.affenage.be\/de\/organiser-votre-evenement-en-ardenne\/"]}]},{"@type":"BreadcrumbList","@id":"https:\/\/www.affenage.be\/de\/organiser-votre-evenement-en-ardenne\/#breadcrumb","itemListElement":[{"@type":"ListItem","position":1,"name":"Accueil","item":"https:\/\/www.affenage.be\/de\/"},{"@type":"ListItem","position":2,"name":"Seminare"}]}]}},"_links":{"self":[{"href":"https:\/\/www.affenage.be\/de\/wp-json\/wp\/v2\/pages\/835"}],"collection":[{"href":"https:\/\/www.affenage.be\/de\/wp-json\/wp\/v2\/pages"}],"about":[{"href":"https:\/\/www.affenage.be\/de\/wp-json\/wp\/v2\/types\/page"}],"author":[{"embeddable":true,"href":"https:\/\/www.affenage.be\/de\/wp-json\/wp\/v2\/users\/1"}],"replies":[{"embeddable":true,"href":"https:\/\/www.affenage.be\/de\/wp-json\/wp\/v2\/comments?post=835"}],"version-history":[{"count":1,"href":"https:\/\/www.affenage.be\/de\/wp-json\/wp\/v2\/pages\/835\/revisions"}],"predecessor-version":[{"id":836,"href":"https:\/\/www.affenage.be\/de\/wp-json\/wp\/v2\/pages\/835\/revisions\/836"}],"wp:featuredmedia":[{"embeddable":true,"href":"https:\/\/www.affenage.be\/de\/wp-json\/wp\/v2\/media\/783"}],"wp:attachment":[{"href":"https:\/\/www.affenage.be\/de\/wp-json\/wp\/v2\/media?parent=835"}],"curies":[{"name":"wp","href":"https:\/\/api.w.org\/{rel}","templated":true}]}}